{"id":171,"date":"2013-06-05T10:43:15","date_gmt":"2013-06-05T14:43:15","guid":{"rendered":"http:\/\/csmer.uprrp.edu\/?page_id=171"},"modified":"2025-02-21T13:04:02","modified_gmt":"2025-02-21T17:04:02","slug":"carmen-m-ruiz-mendez","status":"publish","type":"page","link":"https:\/\/csmer.uprrp.edu\/?page_id=171","title":{"rendered":"Carmen M. Ruiz M\u00e9ndez"},"content":{"rendered":"\n<h2 class=\"wp-block-heading has-text-align-center\"><span style=\"font-size: 14px;\"><a href=\"https:\/\/csmer.uprrp.edu\/wp-content\/uploads\/carmen.png\"><img loading=\"lazy\" decoding=\"async\" class=\"size-medium wp-image-2255 aligncenter\" src=\"https:\/\/csmer.uprrp.edu\/wp-content\/uploads\/IMG_1193-e1433441510171-257x300.jpg\" alt=\"IMG_1193\" width=\"257\" height=\"300\" srcset=\"https:\/\/csmer.uprrp.edu\/wp-content\/uploads\/IMG_1193-e1433441510171-257x300.jpg 257w, https:\/\/csmer.uprrp.edu\/wp-content\/uploads\/IMG_1193-e1433441510171-877x1024.jpg 877w, https:\/\/csmer.uprrp.edu\/wp-content\/uploads\/IMG_1193-e1433441510171-250x292.jpg 250w, https:\/\/csmer.uprrp.edu\/wp-content\/uploads\/IMG_1193-e1433441510171-550x642.jpg 550w, https:\/\/csmer.uprrp.edu\/wp-content\/uploads\/IMG_1193-e1433441510171-800x934.jpg 800w, https:\/\/csmer.uprrp.edu\/wp-content\/uploads\/IMG_1193-e1433441510171-154x180.jpg 154w, https:\/\/csmer.uprrp.edu\/wp-content\/uploads\/IMG_1193-e1433441510171-428x500.jpg 428w\" sizes=\"auto, (max-width: 257px) 100vw, 257px\" \/><\/a><\/span><\/h2>\n\n\n\n<p><strong>Preparaci\u00f3n Acad\u00e9mica<\/strong>:<\/p>\n\n\n\n<ul class=\"wp-block-list\">\n<li>Bachillerato en Educaci\u00f3n en Ciencias, UPR, Recinto de Rio Piedras <\/li>\n\n\n\n<li>Maestr\u00eda en Administraci\u00f3n P\u00fablica, UPR, Recinto de Rio Piedras <\/li>\n\n\n\n<li>Cr\u00e9ditos Doctorales: 48 cr\u00e9ditos conducentes al doctorado en Educaci\u00f3n<\/li>\n<\/ul>\n\n\n\n<p><strong>Experiencia<\/strong>:<\/p>\n\n\n\n<ul class=\"wp-block-list\">\n<li>17 a\u00f1os de experiencia en el Departamento de Educaci\u00f3n<\/li>\n<\/ul>\n\n\n\n<p><strong>Distinciones<\/strong>:<\/p>\n\n\n\n<ul class=\"wp-block-list\">\n<li>Certificaciones: Ciencias, Biolog\u00eda y Qu\u00edmica <\/li>\n\n\n\n<li>Certificaci\u00f3n de Maestra M\u00e1ster de Ciencia <\/li>\n\n\n\n<li>Premio de Excelencia en Educaci\u00f3n en Ciencias \u201cLucy Gaspar\u201d, AAAS (2011) <\/li>\n\n\n\n<li>\u201cAward Recognition Salute to Excellence\u201d for ACS, 2011 <\/li>\n\n\n\n<li>\u201cPresidential Award for Excellence in Mathematics and Science Teaching\u201d, 2005 <\/li>\n\n\n\n<li>Maestra de Excelencia en la Escuela Central de Artes Visuales, 2004<\/li>\n<\/ul>\n\n\n\n<p><strong>Grado que ense\u00f1a<\/strong>: Und\u00e9cimo grado<\/p>\n\n\n\n<p><strong>Materia<\/strong>: Qu\u00edmica<\/p>\n\n\n\n<p><strong>Escuela<\/strong>: Especializada Central de Artes Visuales<\/p>\n\n\n\n<p>Est\u00e1 ubicada en la Parada 20 en Santurce, Avenida Ponce de Le\u00f3n. La poblaci\u00f3n escolar se compone de estudiantes talentosos en Artes Visuales de diferentes sectores y pueblos de la regi\u00f3n de San Juan, tambi\u00e9n asisten estudiantes de otros pueblos, en los grados de s\u00e9ptimo hasta el duod\u00e9cimo grado. En su visi\u00f3n la Escuela Central de Artes pretende alcanzar la formaci\u00f3n integral del estudiantado con potencial creativo en las Artes Visuales, a trav\u00e9s de una educaci\u00f3n de excelencia mediante un curr\u00edculo art\u00edstico y acad\u00e9mico que asegure el desarrollo de la sensibilidad est\u00e9tica, la capacidad creadora, la producci\u00f3n art\u00edstica y el desarrollo cognoscitivo a niveles altos de efectividad. En el \u00e1rea acad\u00e9mica posee un curr\u00edculo general con programas de cursos avanzados en espa\u00f1ol, ingl\u00e9s y matem\u00e1tica en el nivel superior. El curr\u00edculo art\u00edstico provee cursos de Arte General en el nivel intermedio y los cursos de especializaci\u00f3n del nivel superior; Dibujo y Pintura, Escultura, Artes Gr\u00e1ficas, Multimedios, Ilustraci\u00f3n y Animaci\u00f3n, Dise\u00f1o Publicitario, Fotograf\u00eda, Cer\u00e1mica e Historia del Arte. La Escuela tiene una matr\u00edcula de 667 estudiantes, atendida por 53 maestros, en organizaci\u00f3n sencilla. Contamos con una gran diversidad de proyectos acad\u00e9micos y con los recursos tecnol\u00f3gicos necesarios para ofrecer una educaci\u00f3n de excelencia a nuestros estudiantes.<\/p>\n\n\n\n<p><strong>\u00bfPor qu\u00e9 solicit\u00e9 participar en el proyecto?<\/strong><\/p>\n\n\n\n<p>Solicit\u00e9 al proyecto porque ser\u00eda una experiencia que aportar\u00eda m\u00e1s a mi desarrollo profesional y por ende, redundar\u00eda en otro servicio para nuestro pa\u00eds. Esto es porque todo lo que aprendo durante mi desarrollo profesional lo aplico en mi sal\u00f3n de clases y trato que en el grado que me sea posible pueda impactar a toda mi comunidad escolar y compa\u00f1eros colegas de otras escuelas. Las expectativas que ten\u00eda y logr\u00e9 con este proyecto eran adquirir m\u00e1s conocimientos cient\u00edficos con los que pueda impactar a mi comunidad escolar y formar una red de comunicaci\u00f3n con maestros y cient\u00edficos para intercambiar conocimientos.<\/p>\n","protected":false},"excerpt":{"rendered":"<p>Preparaci\u00f3n Acad\u00e9mica: Experiencia: Distinciones: Grado que ense\u00f1a: Und\u00e9cimo grado Materia: Qu\u00edmica Escuela: Especializada Central de Artes Visuales Est\u00e1 ubicada en la Parada 20 en Santurce, Avenida Ponce de Le\u00f3n. La poblaci\u00f3n escolar se compone de estudiantes talentosos en Artes Visuales de diferentes sectores y pueblos de la regi\u00f3n de San Juan, tambi\u00e9n asisten estudiantes de&#8230;<\/p>\n","protected":false},"author":1,"featured_media":0,"parent":169,"menu_order":0,"comment_status":"closed","ping_status":"closed","template":"","meta":{"_kad_post_transparent":"","_kad_post_title":"","_kad_post_layout":"","_kad_post_sidebar_id":"","_kad_post_content_style":"","_kad_post_vertical_padding":"","_kad_post_feature":"","_kad_post_feature_position":"","_kad_post_header":false,"_kad_post_footer":false,"_kad_post_classname":"","footnotes":""},"class_list":["post-171","page","type-page","status-publish","hentry"],"_links":{"self":[{"href":"https:\/\/csmer.uprrp.edu\/index.php?rest_route=\/wp\/v2\/pages\/171","targetHints":{"allow":["GET"]}}],"collection":[{"href":"https:\/\/csmer.uprrp.edu\/index.php?rest_route=\/wp\/v2\/pages"}],"about":[{"href":"https:\/\/csmer.uprrp.edu\/index.php?rest_route=\/wp\/v2\/types\/page"}],"author":[{"embeddable":true,"href":"https:\/\/csmer.uprrp.edu\/index.php?rest_route=\/wp\/v2\/users\/1"}],"replies":[{"embeddable":true,"href":"https:\/\/csmer.uprrp.edu\/index.php?rest_route=%2Fwp%2Fv2%2Fcomments&post=171"}],"version-history":[{"count":4,"href":"https:\/\/csmer.uprrp.edu\/index.php?rest_route=\/wp\/v2\/pages\/171\/revisions"}],"predecessor-version":[{"id":3608,"href":"https:\/\/csmer.uprrp.edu\/index.php?rest_route=\/wp\/v2\/pages\/171\/revisions\/3608"}],"up":[{"embeddable":true,"href":"https:\/\/csmer.uprrp.edu\/index.php?rest_route=\/wp\/v2\/pages\/169"}],"wp:attachment":[{"href":"https:\/\/csmer.uprrp.edu\/index.php?rest_route=%2Fwp%2Fv2%2Fmedia&parent=171"}],"curies":[{"name":"wp","href":"https:\/\/api.w.org\/{rel}","templated":true}]}}